{"id":644,"date":"2026-02-18T15:51:47","date_gmt":"2026-02-18T14:51:47","guid":{"rendered":"https:\/\/packavenir.com\/?page_id=644"},"modified":"2026-03-10T15:33:38","modified_gmt":"2026-03-10T14:33:38","slug":"mentions-legales","status":"publish","type":"page","link":"https:\/\/packavenir.com\/en\/mentions-legales\/","title":{"rendered":"Terms of Use"},"content":{"rendered":"<div class=\"wp-block-uagb-container uagb-block-39384c1f alignfull uagb-is-root-container\"><div class=\"yoast-breadcrumbs\"><span><span><a href=\"https:\/\/packavenir.com\/en\/\">Home<\/a><\/span> \u00bb <span class=\"breadcrumb_last\" aria-current=\"page\">Terms of Use<\/span><\/span><\/div>\n\n\n<h1 class=\"wp-block-heading\" style=\"font-style:normal;font-weight:800;letter-spacing:-2px;line-height:1;text-transform:uppercase\">Terms of Use<\/h1>\n\n\n\n<p>En vigueur au 19\/02\/2026<\/p>\n\n\n\n<p>Conform\u00e9ment aux dispositions de la loi n\u00b02004-575 du 21 juin 2004 pour la Confiance en l\u2019\u00e9conomie num\u00e9rique, il est port\u00e9 \u00e0 la connaissance des utilisateurs et visiteurs, ci-apr\u00e8s l&rsquo; \u00ab\u00a0<strong>Utilisateur<\/strong>\u00ab\u00a0, du site https:\/\/packavenir.com , ci-apr\u00e8s le \u00ab\u00a0<strong>Site<\/strong>\u00ab\u00a0, les pr\u00e9sentes mentions l\u00e9gales.<\/p>\n\n\n\n<p>La connexion et la navigation sur le Site par l\u2019Utilisateur implique acceptation int\u00e9grale et sans r\u00e9serve des pr\u00e9sentes mentions l\u00e9gales.<\/p>\n\n\n\n<p>Ces derni\u00e8res sont accessibles sur le Site \u00e0 la rubrique \u00ab\u00a0<strong>Terms of Use<\/strong>\u00ab\u00a0.<\/p>\n<\/div>\n\n\n\n<div class=\"wp-block-uagb-container uagb-block-83480439 alignfull uagb-is-root-container\">\n<h2 class=\"wp-block-heading\">Edition du site<\/h2>\n\n\n\n<p>L&rsquo;\u00e9dition du Site est assur\u00e9e par la soci\u00e9t\u00e9 Pack Avenir, SARL au capital de 75\u202f000,00 euros, immatricul\u00e9e au Registre du Commerce et des Soci\u00e9t\u00e9s du Puy en Velay sous le num\u00e9ro 817470792 dont le si\u00e8ge social est situ\u00e9 au 416 Rue Lamarck Jean Baptiste, 43700 Saint-Germain-Laprade,<br>><strong>Num\u00e9ro de t\u00e9l\u00e9phone<\/strong> : 04 71 02 04 47<br>><strong>Adresse e-mail <\/strong>: esepac.esepac@gmail.com<br>><strong>N\u00b0 de TVA intracommunautaire<\/strong> : FR91 817 470 792<br>><strong>Directeur de la publication<\/strong> : S\u00e9bastien Silvestre<\/p>\n\n\n\n<p>ci-apr\u00e8s l&rsquo; \u00ab\u00a0<strong>Editeur<\/strong>\u00ab\u00a0.<\/p>\n<\/div>\n\n\n\n<div class=\"wp-block-uagb-container uagb-block-9bdde4f7 alignfull uagb-is-root-container\">\n<h2 class=\"wp-block-heading\">H\u00e9bergeur<\/h2>\n\n\n\n<p>L&rsquo;h\u00e9bergeur du Site est la soci\u00e9t\u00e9 Hostinger, dont le si\u00e8ge social est situ\u00e9 au 61 Lordou Vironos Street 6023 Larnaca (Chypre).<\/p>\n<\/div>\n\n\n\n<div class=\"wp-block-uagb-container uagb-block-1b135c3b alignfull uagb-is-root-container\">\n<h2 class=\"wp-block-heading\">Acc\u00e8s au site<\/h2>\n\n\n\n<p>Le Site est normalement accessible, \u00e0 tout moment, \u00e0 l&rsquo;Utilisateur. Toutefois, l&rsquo;Editeur pourra, \u00e0 tout moment, suspendre, limiter ou interrompre le Site afin de proc\u00e9der, notamment, \u00e0 des mises \u00e0 jour ou des modifications de son contenu. L&rsquo;Editeur ne pourra en aucun cas \u00eatre tenu responsable des cons\u00e9quences \u00e9ventuelles de cette indisponibilit\u00e9 sur les activit\u00e9s de l&rsquo;Utilisateur.<\/p>\n<\/div>\n\n\n\n<div class=\"wp-block-uagb-container uagb-block-4cf07621 alignfull uagb-is-root-container\">\n<h2 class=\"wp-block-heading\">Collecte des donn\u00e9es<\/h2>\n\n\n\n<p>Le Site assure \u00e0 l&rsquo;Utilisateur une collecte et un traitement des donn\u00e9es personnelles dans le respect de la vie priv\u00e9e conform\u00e9ment \u00e0 la loi n\u00b078-17 du 6 janvier 1978 relative \u00e0 l&rsquo;informatique, aux fichiers aux libert\u00e9s et dans le respect de la r\u00e8glementation applicable en mati\u00e8re de traitement des donn\u00e9es \u00e0 caract\u00e8re personnel conform\u00e9ment au r\u00e8glement (UE) 2016\/679 du Parlement europ\u00e9en et du Conseil du 27 avril 2016 (ci-apr\u00e8s, ensemble, la \u00ab\u00a0R\u00e8glementation applicable en mati\u00e8re de protection des Donn\u00e9es \u00e0 caract\u00e8re personnel\u00a0\u00bb).<\/p>\n\n\n\n<p>En vertu de la R\u00e8glementation applicable en mati\u00e8re de protection des Donn\u00e9es \u00e0 caract\u00e8re personnel, l&rsquo;Utilisateur dispose d&rsquo;un droit d&rsquo;acc\u00e8s, de rectification, de suppression et d&rsquo;opposition de ses donn\u00e9es personnelles. L&rsquo;Utilisateur peut exercer ce droit :<br>&#8211; par mail \u00e0 l&rsquo;adresse email esepac.esepac@gmail.com<\/p>\n\n\n\n<p>Toute utilisation, reproduction, diffusion, commercialisation, modification de toute ou partie du Site, sans autorisation expresse de l\u2019Editeur est prohib\u00e9e et pourra entra\u00eener des actions et poursuites judiciaires telles que pr\u00e9vues par la r\u00e8glementation en vigueur.<\/p>\n\n\n\n<p>Pour plus d&rsquo;informations en mati\u00e8re de protection des donn\u00e9es \u00e0 caract\u00e8re personnel, se reporter \u00e0 la Charte en mati\u00e8re de protection des donn\u00e9es \u00e0 caract\u00e8re personnel du site packavenir.com accessible en consultant la page \u00ab\u00a0Politique de confidentialit\u00e9\u00a0\u00bb.<br>Pour plus d&rsquo;informations en mati\u00e8re de cookies, se reporter \u00e0 la Charte en mati\u00e8re de cookies du site packavenir.com accessible \u00e0 la rubrique \u00ab\u00a0Cookies\u00a0\u00bb<\/p>\n<\/div>","protected":false},"excerpt":{"rendered":"<p>Mentions l\u00e9gales En vigueur au 19\/02\/2026 Conform\u00e9ment aux dispositions de la loi n\u00b02004-575 du 21 juin 2004 pour la Confiance en l\u2019\u00e9conomie num\u00e9rique, il est port\u00e9 \u00e0 la connaissance des utilisateurs et visiteurs, ci-apr\u00e8s l&rsquo; \u00ab\u00a0Utilisateur\u00ab\u00a0, du site https:\/\/packavenir.com , ci-apr\u00e8s le \u00ab\u00a0Site\u00ab\u00a0, les pr\u00e9sentes mentions l\u00e9gales. La connexion et la navigation sur le Site [&hellip;]<\/p>\n","protected":false},"author":1,"featured_media":0,"parent":0,"menu_order":20,"comment_status":"closed","ping_status":"closed","template":"","meta":{"_uag_custom_page_level_css":"","footnotes":""},"class_list":["post-644","page","type-page","status-publish","hentry"],"blocksy_meta":[],"yoast_head":"<!-- This site is optimized with the Yoast SEO plugin v27.3 - https:\/\/yoast.com\/product\/yoast-seo-wordpress\/ -->\n<title>Mentions l\u00e9gales - packavenir.com<\/title>\n<meta name=\"description\" content=\"Mentions l\u00e9gales du site packavenir.com : informations sur l\u2019\u00e9diteur, l\u2019h\u00e9bergeur et les obligations l\u00e9gales du site.\" \/>\n<meta name=\"robots\" content=\"index, follow, max-snippet:-1, max-image-preview:large, max-video-preview:-1\" \/>\n<link rel=\"canonical\" href=\"https:\/\/packavenir.com\/en\/mentions-legales\/\" \/>\n<meta property=\"og:locale\" content=\"en_US\" \/>\n<meta property=\"og:type\" content=\"article\" \/>\n<meta property=\"og:title\" content=\"Mentions l\u00e9gales - packavenir.com\" \/>\n<meta property=\"og:description\" content=\"Mentions l\u00e9gales du site packavenir.com : informations sur l\u2019\u00e9diteur, l\u2019h\u00e9bergeur et les obligations l\u00e9gales du site.\" \/>\n<meta property=\"og:url\" content=\"https:\/\/packavenir.com\/en\/mentions-legales\/\" \/>\n<meta property=\"og:site_name\" content=\"packavenir.com\" \/>\n<meta property=\"article:modified_time\" content=\"2026-03-10T14:33:38+00:00\" \/>\n<meta name=\"twitter:card\" content=\"summary_large_image\" \/>\n<meta name=\"twitter:label1\" content=\"Est. reading time\" \/>\n\t<meta name=\"twitter:data1\" content=\"3 minutes\" \/>\n<script type=\"application\/ld+json\" class=\"yoast-schema-graph\">{\"@context\":\"https:\\\/\\\/schema.org\",\"@graph\":[{\"@type\":\"WebPage\",\"@id\":\"https:\\\/\\\/packavenir.com\\\/mentions-legales\\\/\",\"url\":\"https:\\\/\\\/packavenir.com\\\/mentions-legales\\\/\",\"name\":\"Mentions l\u00e9gales - packavenir.com\",\"isPartOf\":{\"@id\":\"https:\\\/\\\/packavenir.com\\\/#website\"},\"datePublished\":\"2026-02-18T14:51:47+00:00\",\"dateModified\":\"2026-03-10T14:33:38+00:00\",\"description\":\"Mentions l\u00e9gales du site packavenir.com : informations sur l\u2019\u00e9diteur, l\u2019h\u00e9bergeur et les obligations l\u00e9gales du site.\",\"breadcrumb\":{\"@id\":\"https:\\\/\\\/packavenir.com\\\/mentions-legales\\\/#breadcrumb\"},\"inLanguage\":\"en-US\",\"potentialAction\":[{\"@type\":\"ReadAction\",\"target\":[\"https:\\\/\\\/packavenir.com\\\/mentions-legales\\\/\"]}]},{\"@type\":\"BreadcrumbList\",\"@id\":\"https:\\\/\\\/packavenir.com\\\/mentions-legales\\\/#breadcrumb\",\"itemListElement\":[{\"@type\":\"ListItem\",\"position\":1,\"name\":\"Home\",\"item\":\"https:\\\/\\\/packavenir.com\\\/\"},{\"@type\":\"ListItem\",\"position\":2,\"name\":\"Mentions l\u00e9gales\"}]},{\"@type\":\"WebSite\",\"@id\":\"https:\\\/\\\/packavenir.com\\\/#website\",\"url\":\"https:\\\/\\\/packavenir.com\\\/\",\"name\":\"packavenir.com\",\"description\":\"\",\"publisher\":{\"@id\":\"https:\\\/\\\/packavenir.com\\\/#organization\"},\"potentialAction\":[{\"@type\":\"SearchAction\",\"target\":{\"@type\":\"EntryPoint\",\"urlTemplate\":\"https:\\\/\\\/packavenir.com\\\/?s={search_term_string}\"},\"query-input\":{\"@type\":\"PropertyValueSpecification\",\"valueRequired\":true,\"valueName\":\"search_term_string\"}}],\"inLanguage\":\"en-US\"},{\"@type\":\"Organization\",\"@id\":\"https:\\\/\\\/packavenir.com\\\/#organization\",\"name\":\"packavenir.com\",\"url\":\"https:\\\/\\\/packavenir.com\\\/\",\"logo\":{\"@type\":\"ImageObject\",\"inLanguage\":\"en-US\",\"@id\":\"https:\\\/\\\/packavenir.com\\\/#\\\/schema\\\/logo\\\/image\\\/\",\"url\":\"https:\\\/\\\/packavenir.com\\\/wp-content\\\/uploads\\\/2026\\\/02\\\/logo-pack-avenir.webp\",\"contentUrl\":\"https:\\\/\\\/packavenir.com\\\/wp-content\\\/uploads\\\/2026\\\/02\\\/logo-pack-avenir.webp\",\"width\":1600,\"height\":578,\"caption\":\"packavenir.com\"},\"image\":{\"@id\":\"https:\\\/\\\/packavenir.com\\\/#\\\/schema\\\/logo\\\/image\\\/\"}}]}<\/script>\n<!-- \/ Yoast SEO plugin. -->","yoast_head_json":{"title":"Mentions l\u00e9gales - packavenir.com","description":"Mentions l\u00e9gales du site packavenir.com : informations sur l\u2019\u00e9diteur, l\u2019h\u00e9bergeur et les obligations l\u00e9gales du site.","robots":{"index":"index","follow":"follow","max-snippet":"max-snippet:-1","max-image-preview":"max-image-preview:large","max-video-preview":"max-video-preview:-1"},"canonical":"https:\/\/packavenir.com\/en\/mentions-legales\/","og_locale":"en_US","og_type":"article","og_title":"Mentions l\u00e9gales - packavenir.com","og_description":"Mentions l\u00e9gales du site packavenir.com : informations sur l\u2019\u00e9diteur, l\u2019h\u00e9bergeur et les obligations l\u00e9gales du site.","og_url":"https:\/\/packavenir.com\/en\/mentions-legales\/","og_site_name":"packavenir.com","article_modified_time":"2026-03-10T14:33:38+00:00","twitter_card":"summary_large_image","twitter_misc":{"Est. reading time":"3 minutes"},"schema":{"@context":"https:\/\/schema.org","@graph":[{"@type":"WebPage","@id":"https:\/\/packavenir.com\/mentions-legales\/","url":"https:\/\/packavenir.com\/mentions-legales\/","name":"Mentions l\u00e9gales - packavenir.com","isPartOf":{"@id":"https:\/\/packavenir.com\/#website"},"datePublished":"2026-02-18T14:51:47+00:00","dateModified":"2026-03-10T14:33:38+00:00","description":"Mentions l\u00e9gales du site packavenir.com : informations sur l\u2019\u00e9diteur, l\u2019h\u00e9bergeur et les obligations l\u00e9gales du site.","breadcrumb":{"@id":"https:\/\/packavenir.com\/mentions-legales\/#breadcrumb"},"inLanguage":"en-US","potentialAction":[{"@type":"ReadAction","target":["https:\/\/packavenir.com\/mentions-legales\/"]}]},{"@type":"BreadcrumbList","@id":"https:\/\/packavenir.com\/mentions-legales\/#breadcrumb","itemListElement":[{"@type":"ListItem","position":1,"name":"Home","item":"https:\/\/packavenir.com\/"},{"@type":"ListItem","position":2,"name":"Mentions l\u00e9gales"}]},{"@type":"WebSite","@id":"https:\/\/packavenir.com\/#website","url":"https:\/\/packavenir.com\/","name":"packavenir.com","description":"","publisher":{"@id":"https:\/\/packavenir.com\/#organization"},"potentialAction":[{"@type":"SearchAction","target":{"@type":"EntryPoint","urlTemplate":"https:\/\/packavenir.com\/?s={search_term_string}"},"query-input":{"@type":"PropertyValueSpecification","valueRequired":true,"valueName":"search_term_string"}}],"inLanguage":"en-US"},{"@type":"Organization","@id":"https:\/\/packavenir.com\/#organization","name":"packavenir.com","url":"https:\/\/packavenir.com\/","logo":{"@type":"ImageObject","inLanguage":"en-US","@id":"https:\/\/packavenir.com\/#\/schema\/logo\/image\/","url":"https:\/\/packavenir.com\/wp-content\/uploads\/2026\/02\/logo-pack-avenir.webp","contentUrl":"https:\/\/packavenir.com\/wp-content\/uploads\/2026\/02\/logo-pack-avenir.webp","width":1600,"height":578,"caption":"packavenir.com"},"image":{"@id":"https:\/\/packavenir.com\/#\/schema\/logo\/image\/"}}]}},"uagb_featured_image_src":{"full":false,"thumbnail":false,"medium":false,"medium_large":false,"large":false,"1536x1536":false,"2048x2048":false,"trp-custom-language-flag":false},"uagb_author_info":{"display_name":"esepac.esepac@gmail.com","author_link":"https:\/\/packavenir.com\/en\/author\/esepac-esepacgmail-com\/"},"uagb_comment_info":0,"uagb_excerpt":"Mentions l\u00e9gales En vigueur au 19\/02\/2026 Conform\u00e9ment aux dispositions de la loi n\u00b02004-575 du 21 juin 2004 pour la Confiance en l\u2019\u00e9conomie num\u00e9rique, il est port\u00e9 \u00e0 la connaissance des utilisateurs et visiteurs, ci-apr\u00e8s l&rsquo; \u00ab\u00a0Utilisateur\u00ab\u00a0, du site https:\/\/packavenir.com , ci-apr\u00e8s le \u00ab\u00a0Site\u00ab\u00a0, les pr\u00e9sentes mentions l\u00e9gales. La connexion et la navigation sur le Site&hellip;","_links":{"self":[{"href":"https:\/\/packavenir.com\/en\/wp-json\/wp\/v2\/pages\/644","targetHints":{"allow":["GET"]}}],"collection":[{"href":"https:\/\/packavenir.com\/en\/wp-json\/wp\/v2\/pages"}],"about":[{"href":"https:\/\/packavenir.com\/en\/wp-json\/wp\/v2\/types\/page"}],"author":[{"embeddable":true,"href":"https:\/\/packavenir.com\/en\/wp-json\/wp\/v2\/users\/1"}],"replies":[{"embeddable":true,"href":"https:\/\/packavenir.com\/en\/wp-json\/wp\/v2\/comments?post=644"}],"version-history":[{"count":22,"href":"https:\/\/packavenir.com\/en\/wp-json\/wp\/v2\/pages\/644\/revisions"}],"predecessor-version":[{"id":821,"href":"https:\/\/packavenir.com\/en\/wp-json\/wp\/v2\/pages\/644\/revisions\/821"}],"wp:attachment":[{"href":"https:\/\/packavenir.com\/en\/wp-json\/wp\/v2\/media?parent=644"}],"curies":[{"name":"wp","href":"https:\/\/api.w.org\/{rel}","templated":true}]}}